{"id":6083,"date":"2020-07-07T12:16:35","date_gmt":"2020-07-07T12:16:35","guid":{"rendered":"https:\/\/lokale-klimaanpassung.de\/uber-das-projekt\/medienspiegel\/"},"modified":"2021-12-06T21:08:33","modified_gmt":"2021-12-06T19:08:33","slug":"medienspiegel","status":"publish","type":"page","link":"https:\/\/lokale-klimaanpassung.de\/en\/uber-das-projekt\/medienspiegel\/","title":{"rendered":"Media review"},"content":{"rendered":"<div class=\"wp-bootstrap-blocks-row row\">\n\t\n\n<div class=\"col-12 col-md-8\">\n\t\t\t\n\n<p>In the media review we provide publications about the LoKlim project as well as publications regarding the project in the pilot municipalities and districts. The publications are currently only available in German. We are working on an English version of the media review.<\/p>\n\n\n\n<h3 class=\"wp-block-heading\">\u00dcber LoKlim<\/h3>\n\n\n\n<p>\u00bb <a href=\"https:\/\/www.emmendingen.de\/fileadmin\/Dateien\/Dateien\/Amtsblatt\/Amtsblatt_2021\/wzn_ema_hp_23.06.2021.pdf\" target=\"_blank\" rel=\"noreferrer noopener\"><strong>Hitze, Starkregen, D\u00fcrren \u2013 interaktive Karten verdeutlichen Klimawandel<\/strong><\/a><br>Amtsblatt Emmendingen vom 23.06.2021, S. 7 <\/p>\n\n\n\n<p>\u00bb <a href=\"https:\/\/www.regiotrends.de\/de\/politisches\/index.news.437688.strategien-fuer-die-klimakrise-in-kommunen-und-kreisen---gruenen-bundestagsabgeordneter-zickenheiner-besuchte-projekt--loklim--der-universitaet-freiburg-.html\" target=\"_blank\" rel=\"noreferrer noopener\"><strong>Strategien f\u00fcr die Klimakrise in Kommunen und Kreisen<\/strong><\/a><br>Regiotrends vom 19.08.2020<\/p>\n\n\n\n<p>\u00bb <a aria-label=\"undefined (opens in a new tab)\" href=\"https:\/\/www.kultur-punkt.ch\/architektur-lebensraum-a_z\/klima-planet-b-zukunft\/klima-wandel-anpassung.html\" target=\"_blank\" rel=\"noreferrer noopener\"><strong>Wie sich Kommunen an den Klimawandel anpassen k\u00f6nnen: Sechs St\u00e4dte und Landkreise in Baden-W\u00fcrttemberg beteiligen sich als Praxispartner an neuem Forschungsprojekt der Universit\u00e4t Freiburg<\/strong><\/a><br>KulturPunkt OnlineJournal vom Juli 2020<\/p>\n\n\n\n<p>\u00bb <a aria-label=\"undefined (opens in a new tab)\" href=\"https:\/\/www.badische-zeitung.de\/kommunen-und-der-klimawandel--188218300.html\" target=\"_blank\" rel=\"noreferrer noopener\"><strong>Kommunen und der Klimawandel<\/strong><\/a><br>Badische Zeitung vom 18.07.2020<\/p>\n\n\n\n<p>\u00bb <a href=\"https:\/\/www.badische-zeitung.de\/kommunen-und-der-klimawandel--188218300.html\" target=\"_blank\" rel=\"noreferrer noopener\"><strong>Wie sich Kommunen dem Klimawandel anpassen<\/strong><\/a><br>Staufen Kurier vom 16.07.2020<\/p>\n\n\n\n<p>\u00bb <a href=\"https:\/\/www.miragenews.com\/how-local-authorities-can-adjust-to-climate-change\/\" target=\"_blank\" rel=\"noreferrer noopener\"><strong>How local authorities can adjust to climate change<\/strong><\/a><br>Miragenews vom 14.07.2020<\/p>\n\n\n\n<h3 class=\"wp-block-heading\">\u00dcberregional<\/h3>\n\n\n\n<p>\u00bb<a href=\"https:\/\/www.szbz.de\/nachrichten\/hagelgewitter-beschaedigt-rund-25000-autos-29-6-2021\/\" target=\"_blank\" rel=\"noreferrer noopener\"><strong>Hagelgewitter besch\u00e4digt rund 25.000 Autos<\/strong><\/a><br>SZBZ vom 29.06.2021<\/p>\n\n\n\n<p>\u00bb<a href=\"https:\/\/www.badenova.de\/news\/1049408_DE\/klimawandel-und-wasserversorgung\" target=\"_blank\" rel=\"noreferrer noopener\"><strong>Klimawandel und Wasserversorgung<\/strong><\/a><br>Badenova vom 24.09.2020<\/p>\n\n\n\n<p>\u00bb<a href=\"https:\/\/www.regiotrends.de\/de\/regiomix\/index.news.434982.-landschaft-als-wasserspeicher----verbessertes-wassermanagement-als-antwort-auf-den-klimawandel-im-naturpark-suedschwarzwald.html\" target=\"_blank\" rel=\"noreferrer noopener\"><strong>Landschaft als Wasserspeicher \u2013 Verbessertes Wassermanagement als Antwort auf den Klimawandel im Naturpark S\u00fcdschwarzwald<\/strong><\/a><br>RegioTrends vom 09.07.2020<\/p>\n\n\n\n<p>\u00bb<strong><a aria-label=\"undefined (opens in a new tab)\" href=\"https:\/\/www.stuttgarter-zeitung.de\/inhalt.duerre-hitze-und-schaedlinge-landesregierung-will-waldbesitzern-im-kampf-gegen-duerre-helfen.9a9bd4c7-86cd-433c-baf7-5747a2b36882.html?reduced=true\" target=\"_blank\" rel=\"noreferrer noopener\">Landesregierung will Waldbesitzern im Kampf gegen D\u00fcrre helfen<\/a><\/strong><br>Stuttgarter Zeitung vom 19.05.2020<\/p>\n\n\n\n<p>\u00bb<strong><a aria-label=\"undefined (opens in a new tab)\" href=\"https:\/\/www.stuttgarter-zeitung.de\/inhalt.frostschaeden-in-den-weinbergen-eiskalte-ueberraschung.f19f5b04-7a64-44f7-bacb-818d883c30e4.html?reduced=true\" target=\"_blank\" rel=\"noreferrer noopener\">Eiskalte \u00dcberraschung<\/a><\/strong><br>Stuttgarter Zeitung vom 15.05.2020<\/p>\n\n\n\n<p>\u00bb<strong><a aria-label=\"undefined (opens in a new tab)\" href=\"https:\/\/www.stuttgarter-nachrichten.de\/inhalt.dem-land-droht-eine-duerre-die-boeden-brauchen-dringend-wasser.2144c77e-37bf-4203-837b-b89db70f3e11.html?reduced=true\" target=\"_blank\" rel=\"noreferrer noopener\">Die B\u00f6den brauchen dringend Wasser<\/a><\/strong><br>Stuttgarter Nachrichten vom 26.04.2020<\/p>\n\n\n\n<p>\u00bb<strong><a aria-label=\"undefined (opens in a new tab)\" href=\"https:\/\/www.stuttgarter-nachrichten.de\/inhalt.warum-der-fruehling-frueher-beginnt-sieben-boten-die-das-fruehjahr-bringen.1a4675f0-2044-4678-a67d-df2b686a859a.html\" target=\"_blank\" rel=\"noreferrer noopener\">Warum der Fr\u00fchling fr\u00fcher beginnt &#8211; Sieben Boten, die das Fr\u00fchjahr bringen<\/a><\/strong><br>Stuttgarter Nachrichten vom 19.02.2020<\/p>\n\n\n\n<p>\u00bb<strong><a href=\"https:\/\/www.badische-zeitung.de\/forscher-zeigen-wege-gegen-den-klimawandel--181851605.html\" target=\"_blank\" rel=\"noreferrer noopener\">Forscher zeigen Wege gegen den Klimawandel<\/a><\/strong><br>Badische Zeitung vom 20.01.2020<\/p>\n\n\n\n<p>\u00bb<strong><a href=\"https:\/\/www.regiotrends.de\/de\/politisches\/index.news.418861.waldbesitzer-sollen-auch-rueckwirkend-entschaedigt-werden---minister-hauk-bringt-eine-rueckwirkende-auszahlung-einer-aufarbeitungshilfe-in-20192020-zur-beseitigung-der-folgen-von-extremwetterereignissen-im-wald-auf-den-weg---.html\" target=\"_blank\" aria-label=\"undefined (opens in a new tab)\" rel=\"noreferrer noopener\">Waldbesitzer sollen auch r\u00fcckwirkend entsch\u00e4digt werden<\/a><\/strong><br>Regiotrends vom 21.11.2019<\/p>\n\n\n\n<p>\u00bb<strong><a aria-label=\"undefined (opens in a new tab)\" href=\"https:\/\/www.suedkurier.de\/baden-wuerttemberg\/Das-macht-der-Klimawandel-Vier-von-fuenf-Baeumen-im-Land-sind-schon-krank;art417930,10329073\" target=\"_blank\" rel=\"noreferrer noopener\">Das macht der Klimawandel: Vier von f\u00fcnf B\u00e4umen im Land sind schon krank<\/a><\/strong><br>S\u00fcdkurier vom 28.08.2019<\/p>\n\n\n\n<p>\u00bb<strong><a href=\"https:\/\/www.stuttgarter-zeitung.de\/inhalt.insektenplage-tigermuecke-hat-sich-in-weil-am-rhein-angesiedelt.3b86fbec-3e1d-454e-b71c-c41c7cdd68ed.html?reduced=true\" target=\"_blank\" aria-label=\"undefined (opens in a new tab)\" rel=\"noreferrer noopener\">Insektenplage &#8211; Tigerm\u00fccke hat sich in Weil am Rhein angesiedelt<\/a><\/strong><br>Stuttgarter Zeitung vom 21.09.2019<\/p>\n\n\n\n<p>\u00bb<a aria-label=\"undefined (opens in a new tab)\" href=\"https:\/\/www.stuttgarter-zeitung.de\/inhalt.erderwaermung-so-veraendert-der-klimawandel-baden-wuerttemberg.fb0d7a6c-ac92-42e8-84ac-a45e8e56438f.html\" target=\"_blank\" rel=\"noreferrer noopener\"><strong>So ver\u00e4ndert der Klimawandel Baden-W\u00fcrttemberg<\/strong><br><\/a>Stuttgarter Zeitung vom 08.08.2019<\/p>\n\n\n\n<p>\u00bb<a aria-label=\"undefined (opens in a new tab)\" href=\"https:\/\/www.stuttgarter-nachrichten.de\/inhalt.gefahr-am-strassenrand-was-macht-die-ambrosia-so-schrecklich-reizend.22185e96-0907-455f-b5e6-d494adfec092.html\" target=\"_blank\" rel=\"noreferrer noopener\"><strong>Was macht die Ambrosia so schrecklich reizend?<\/strong><br><\/a>Stuttgarter Nachrichten vom 07.06.2017<\/p>\n\n\n\n<h3 class=\"wp-block-heading\">Stadt Bad Krozingen<\/h3>\n\n\n\n<p>\u00bb<strong><a href=\"https:\/\/www.badische-zeitung.de\/draengen-auf-klimaschutz--204591581.html\" target=\"_blank\" rel=\"noreferrer noopener\">Dr\u00e4ngen auf Klimaschutz<\/a><\/strong><br>Badische Zeitung vom 06.09.2021<\/p>\n\n\n\n<p><strong><a href=\"https:\/\/www.badische-zeitung.de\/bei-loklim-workshop-werden-ansaetze-zur-klimawandelanpassung-diskutiert--203687494.html\" target=\"_blank\" rel=\"noreferrer noopener\">Bei Loklim-Workshop werden Ans\u00e4tze zur Klimawandelanpassung diskutiert<\/a><\/strong><br>Badische Zeitung vom 28.07.2021<\/p>\n\n\n\n<p>\u00bb<strong><a href=\"https:\/\/www.badische-zeitung.de\/warnung-vor-hitzestress-in-der-kurstadt\" target=\"_blank\" rel=\"noreferrer noopener\">Warnung vor Hitzestress in der Kurstadt<\/a><\/strong><br>Badische Zeitung vom 02.07.2021<\/p>\n\n\n\n<p>\u00bb<strong><a href=\"\/\/www.badische-zeitung.de\/stadt-setzt-sich-klimaziele\" target=\"_blank\" rel=\"noreferrer noopener\">Stadt setzt sich Klimaziele<\/a><\/strong><br>Badische Zeitung vom 11.03.2021<\/p>\n\n\n\n<p>\u00bb<strong><a href=\"https:\/\/www.badische-zeitung.de\/baeume-fuer-klima-und-tiere--199969941.html\" target=\"_blank\" rel=\"noreferrer noopener\">B\u00e4ume f\u00fcr Klima und Tiere<\/a><\/strong><br>Badische Zeitung vom 10.02.2021<\/p>\n\n\n\n<p>\u00bb<strong><a href=\"https:\/\/de.calameo.com\/read\/0037438208a2d776635af\" target=\"_blank\" rel=\"noreferrer noopener\">Wie sich Bad Krozingen an den Klimawandel anpassen kann<\/a><\/strong><br>Hallo Bad Krozingen vom 17.07.2020<\/p>\n\n\n\n<p>\u00bb<strong><a aria-label=\"undefined (opens in a new tab)\" href=\"https:\/\/de.calameo.com\/read\/0037438208a2d776635af\" target=\"_blank\" rel=\"noreferrer noopener\">Kurstadt als Pilotgemeinde<\/a><\/strong><br>Rebland Kurier vom 14.07.2020<\/p>\n\n\n\n<p>\u00bb<strong><a href=\"https:\/\/www.regiotrends.de\/de\/staedte-gemeinden\/index.news.435288.-lokale-strategien-zur-klimawandelanpassung---stadt-bad-krozingen-nimmt-an-studie-der-universitaet-freiburg-teil.html\" target=\"_blank\" rel=\"noreferrer noopener\">Lokale Strategien zur Klimwandelanpassung &#8211; Stadt Bad Krozingen nimmt an Studie der Universit\u00e4t Freiburg teil<\/a><\/strong><br>Regiotrends vom 15.07.2020<\/p>\n\n\n\n<p>\u00bb<strong><a href=\"https:\/\/www.badische-zeitung.de\/bad-krozingen-wird-pilotstadt-eines-klima-projekts-der-uni-freiburg--187413806.html\" target=\"_blank\" rel=\"noreferrer noopener\">Bad Krozingen wird Pilotstadt eines Klima-Projekts der Uni-Freiburg<\/a><\/strong><br>Badische Zeitung vom 09.07.2020<\/p>\n\n\n\n<p>\u00bb<strong><a aria-label=\"undefined (opens in a new tab)\" href=\"https:\/\/www.badische-zeitung.de\/warum-hat-die-schlatter-quelle-so-wenig-wasser--184825352.html\" target=\"_blank\" rel=\"noreferrer noopener\">Warum hat die Schlatter so wenig Wasser?<\/a><\/strong><br>Badische Zeitung vom 16.04.2020<\/p>\n\n\n\n<p>\u00bb<strong><a aria-label=\"undefined (opens in a new tab)\" href=\"https:\/\/www.badische-zeitung.de\/wenn-die-hitze-die-schulstunde-verkuerzt--174592730.html\" target=\"_blank\" rel=\"noreferrer noopener\">Wenn die Hitze die Schulstunde verk\u00fcrzt<\/a><\/strong><br>Badische Zeitung vom 25.06.2019<\/p>\n\n\n\n<p>\u00bb<strong><a aria-label=\"undefined (opens in a new tab)\" href=\"https:\/\/www.badische-zeitung.de\/hochwasser-haelt-bad-krozinger-feuerwehr-in-atem--120869181.html\" target=\"_blank\" rel=\"noreferrer noopener\">Hochwasser h\u00e4lt Bad Krozinger Feuerwehr in Atem<\/a><\/strong><br>Badische Zeitung vom 17.04.2016<\/p>\n\n\n\n<h3 class=\"wp-block-heading\">Stadt B\u00f6blingen<\/h3>\n\n\n\n<p>\u00bb<strong><a href=\"https:\/\/www.stuttgarter-zeitung.de\/inhalt.erderwaermung-in-boeblingen-31-hitzetage-im-jahr-2100-in-boeblingen.882b22f9-43fd-4337-9afd-525e6f866fb6.html\" target=\"_blank\" rel=\"noreferrer noopener\"><strong>31 Hitzetage im Jahr 2100 in B\u00f6blingen?<\/strong><\/a><\/strong><br>Stuttgarter Zeitung vom 24.06.2021<\/p>\n\n\n\n<p>\u00bb<strong><a href=\"https:\/\/www.szbz.de\/nachrichten\/wie-sich-kommunen-an-den-klimawandel-anpassen-koennen-16-7-2020\/\" target=\"_blank\" rel=\"noreferrer noopener\">Anpassung an den Klimawandel: Stadt B\u00f6blingen ist Praxispartner der Universit\u00e4t Freiburg<\/a><\/strong><br>Amtsblatt B\u00f6blingen vom 24.07.2020<\/p>\n\n\n\n<p>\u00bb<strong><a aria-label=\"undefined (opens in a new tab)\" href=\"https:\/\/www.szbz.de\/nachrichten\/wie-sich-kommunen-an-den-klimawandel-anpassen-koennen-16-7-2020\/\" target=\"_blank\" rel=\"noreferrer noopener\">Wie sich Kommunen an den Klimawandel anpassen k\u00f6nnen<\/a><\/strong><br>SZBZ vom 16.07.2020<\/p>\n\n\n\n<p>\u00bb<strong><a href=\"https:\/\/www.szbz.de\/nachrichten\/wie-sich-kommunen-an-den-klimawandel-anpassen-koennen-16-7-2020\/\" target=\"_blank\" rel=\"noreferrer noopener\">B\u00f6blingen: Nach Gewitter gro\u00dfe Sch\u00e4den bei den Gartenfreunden am Ganssee<\/a><\/strong><br>SZBZ vom 30.06.2020<\/p>\n\n\n\n<p>\u00bb<strong><a href=\"https:\/\/www.krzbb.de\/krz_6107_111707858-13-_Calwer-Strasse-in-Boeblingen-kurzzeitig-ueberflutet---Feuerwehr-rueckt-an.html\" target=\"_blank\" aria-label=\"undefined (opens in a new tab)\" rel=\"noreferrer noopener\">Calwer Stra\u00dfe in B\u00f6blingen kurzzeitig \u00fcberflutet &#8211; Feuerwehr r\u00fcckt an<\/a><\/strong><br>Kreiszeitung B\u00f6blinger Bote vom 08.05.2020<\/p>\n\n\n\n<p>\u00bb<strong><a aria-label=\"undefined (opens in a new tab)\" href=\"https:\/\/www.stuttgarter-zeitung.de\/inhalt.sturmtief-bennet-boeblingen-verzichtet-am-rosenmontag-auf-umzugswagen.20b3b111-87c5-4aef-844d-08d125acafe7.html\" target=\"_blank\" rel=\"noreferrer noopener\">Sturmtief &#8220;Bennet&#8221; &#8211; B\u00f6blingen verzichtet am Rosenmontag auf Umzugswagen<\/a><\/strong><br>Stuttgarter Zeitung vom 04.03.2019<\/p>\n\n\n\n<h3 class=\"wp-block-heading\">Stadt Kehl<\/h3>\n\n\n\n<p>\u00bb<strong><a href=\"https:\/\/www.stadtanzeiger-ortenau.de\/kehl-stadt\/c-lokales\/kehl-beteiligt-sich-an-projekt-der-universitaet-freiburg_a45273\" target=\"_blank\" rel=\"noreferrer noopener\">Kehl beteiligt sich an Projekt der Universit\u00e4t Freiburg<\/a><\/strong><br>Stadtanzeiger Ortenau vom 20.08.2020<\/p>\n\n\n\n<p>\u00bb<strong><a aria-label=\"undefined (opens in a new tab)\" href=\"https:\/\/www.bo.de\/lokales\/kehl\/staedtische-mitarbeiter-machen-die-becken-hochwassersicher#\" target=\"_blank\" rel=\"noreferrer noopener\">St\u00e4dtische Mitarbeiter machen die Becken \u201ehochwassersicher\u201c<\/a><\/strong><br>Baden online vom 29.03.2020<\/p>\n\n\n\n<h3 class=\"wp-block-heading\">Bodenseekreis<\/h3>\n\n\n\n<p>\u00bb<strong><a href=\"https:\/\/www.schwaebische.de\/landkreis\/bodenseekreis\/immenstaad_artikel,-immenstaad-soll-gruener-werden-_arid,11355838.html\" target=\"_blank\" rel=\"noreferrer noopener\">Immenstaad soll gr\u00fcner werden<\/a><\/strong><br>Schw\u00e4bische Zeitung vom 23.04.2021<\/p>\n\n\n\n<p>\u00bb<strong><a href=\"https:\/\/www.bodenseekreis.de\/de\/aktuelles\/artikel\/2021\/06\/lokales-klima-und-wissensportal-macht-klimawandel-im-bodenseekreis-sichtbar\/\" target=\"_blank\" rel=\"noreferrer noopener\">Lokales Klima- und Wissensportal macht Klimawandel im Bodenseekreis sichtbar<\/a><\/strong><br>Landratsamt Bodenseekreis vom 18.06.2021<\/p>\n\n\n\n<p>\u00bb<strong><a aria-label=\"undefined (opens in a new tab)\" href=\"https:\/\/www.google.com\/url?sa=t&amp;rct=j&amp;q=&amp;esrc=s&amp;source=web&amp;cd=&amp;ved=2ahUKEwjl6oTKp5XrAhXIqaQKHZvqDoAQFjAAegQIARAB&amp;url=https%3A%2F%2Fwww.myeblaettle.de%2Ffrontend%2Fcatalogs%2F158092%2F1%2Fpdf%2Fcomplete.pdf%3Bjsessionid%3D9E84EE2986318B636B35EFCE4E516677&amp;usg=AOvVaw02viy_vjbVnEE1Vn8PLLk0\" target=\"_blank\" rel=\"noreferrer noopener\">Wie Kommunen sich an den Klimawandel anpassen k\u00f6nnen<\/a><\/strong><br>Amtsblatt \u00dcberlingen vom 23.07.2020<\/p>\n\n\n\n<p>\u00bb<strong><a href=\"https:\/\/www.tettnang.de\/de\/unser-tettnang\/aktuelles\/stadttnachrichten\/29-2020.pdf?cid=553\" target=\"_blank\" aria-label=\"undefined (opens in a new tab)\" rel=\"noreferrer noopener\">Wie Kommunen sich an den Klimawandel anpassen k\u00f6nnen<\/a><\/strong><br>Stadtnachrichten Tettnang vom 22.07.2020<\/p>\n\n\n\n<p>\u00bb<strong><a aria-label=\"undefined (opens in a new tab)\" href=\"https:\/\/www.stuttgarter-zeitung.de\/inhalt.klimawandel-das-passiert-wenn-der-bodensee-waermer-wird.c9c39759-0f7a-4601-b26b-0646fb79d0a2.html?reduced=true\" target=\"_blank\" rel=\"noreferrer noopener\">Das passiert, wenn der Bodensee w\u00e4rmer wird<\/a><\/strong><br>Stuttgarter Zeitung vom 29.07.2019<\/p>\n\n\n\n<h3 class=\"wp-block-heading\">Enzkreis<\/h3>\n\n\n\n<p>\u00bb<strong><a href=\"https:\/\/kraichgau.news\/region\/c-politik-wirtschaft\/hitze-starkregen-und-duerre-auch-im-enzkreis_a78552\" target=\"_blank\" rel=\"noreferrer noopener\">Hitze, Starkregen und D\u00fcrre auch im Enzkreis<\/a><\/strong><br>kraichgau news vom 06.07.2021<\/p>\n\n\n\n<p>\u00bb<strong><a href=\"https:\/\/www.landkreistag-bw.de\/fileadmin\/\/user_upload\/PDFs\/Aktuell\/Landkreisnachrichten\/LKN_1_2021.pdf\" target=\"_blank\" rel=\"noreferrer noopener\">Klimaschutz im Kontext der Agenda 2030<\/a><\/strong><br>Landkreis Nachrichten Baden-W\u00fcrttemberg vom 26.03.2021, S. 13 &#8211; 17<\/p>\n\n\n\n<p>\u00bb<strong><a href=\"https:\/\/www.enzkreis.de\/Erster-Workshop-zur-Klimawandelanpassung-im-Enzkreis.php?object=tx,141.325.1&amp;ModID=7&amp;FID=2891.2794.1&amp;La=1\" target=\"_blank\" rel=\"noreferrer noopener\">Erster Workshop zur Klimawandelanpassung im Enzkreis 02.03.2021<\/a><\/strong><br>Pressestelle Enzkreis vom 09.03.2021<\/p>\n\n\n\n<p>\u00bb<strong><a href=\"https:\/\/bnn.de\/pforzheim\/enzkreis\/wassermangel-im-enzkreis-sorgt-fuer-trockene-baeche\" target=\"_blank\" rel=\"noreferrer noopener\">Wassermangel im Enzkreis sorgt f\u00fcr trockene B\u00e4che<\/a><\/strong><br>Badische Neueste Nachrichten vom 20.08.2020<\/p>\n\n\n\n<p>\u00bb<strong><a href=\"https:\/\/www.pz-news.de\/region_artikel,-Enzkreis-Stresstest-fuer-Boeden-und-Forst-in-der-Region-_arid,1446193.html\" target=\"_blank\" aria-label=\"undefined (opens in a new tab)\" rel=\"noreferrer noopener\">Enzkreis: Stresstest f\u00fcr B\u00f6den und Forst in der Region<\/a><\/strong><br>Pforzheimer Zeitung vom 02.06.2020<\/p>\n\n\n\n<p>\u00bb<strong><a href=\"https:\/\/www.pz-news.de\/region_artikel,-Grillverbot-Wegen-Waldbrandgefahr-Grillplaetze-und-Feuerstellen-im-Enzkreis-gesperrt-_arid,1308622.html\">Grillverbot: Wegen Waldbrandgefahr Grillpl\u00e4tze und Feuerstellen im Enzkreis gesperrt<\/a><\/strong><br>Pforzheimer Zeitung vom 06.08.2019<\/p>\n\n\n\n<p>\u00bb<strong><a href=\"https:\/\/muehlacker-tagblatt.de\/region-muehlacker\/enzkreis\/gefaehrliche-raupe-macht-sich-breit\/\" target=\"_blank\" aria-label=\"undefined (opens in a new tab)\" rel=\"noreferrer noopener\">Gef\u00e4hrliche Raupe macht sich breit<br><\/a><\/strong>M\u00fchlacker Tagblatt vom 28.06.2019<\/p>\n\n\n\n<h3 class=\"wp-block-heading\">Landkreis B\u00f6blingen<\/h3>\n\n\n\n<p>\u00bb<strong><a href=\"https:\/\/www.szbz.de\/nachrichten\/nach-gewitter-ueber-waldenbuch-vollgelaufene-keller-und-gesperrte-strassen-29-6-2021\/\" target=\"_blank\" rel=\"noreferrer noopener\">Vollgelaufene Keller und gesperrte Stra\u00dfen<\/a><\/strong><br>SZBZ vom 29.06.2021<\/p>\n\n\n\n<p>\u00bb<strong><a href=\"https:\/\/p451756.mittwaldserver.info\/nachrichten\/anpassen-an-den-klimawandel-21-7-2020\/\" target=\"_blank\" rel=\"noreferrer noopener\">Anpassen an den Klimawandel<\/a><\/strong><br>SZBZ vom 21.07.2020<\/p>\n\n\n\n<p>\u00bb<strong><a href=\"https:\/\/www.leonberger-kreiszeitung.de\/inhalt.kreis-boeblingen-kein-wasser-aus-baechen-holen.4cad9aaa-27d1-4485-8121-2201dfd543b1.html\" target=\"_blank\" aria-label=\"undefined (opens in a new tab)\" rel=\"noreferrer noopener\">Kein Wasser aus den B\u00e4chen holen<\/a><\/strong><br>Leonberger Kreiszeitung vom 22.05.2020<\/p>\n\n\n\n<p>\u00bb<strong><a href=\"https:\/\/www.leonberger-kreiszeitung.de\/inhalt.waldbrandgefahr-im-kreis-boeblingen-rauchen-und-grillen-sind-im-wald-verboten.5f4b386f-1993-4e70-a116-27d4f6238246.html\" target=\"_blank\" aria-label=\"undefined (opens in a new tab)\" rel=\"noreferrer noopener\">Waldbrandgefahrt im Kreis B\u00f6blingen &#8211; Rauchen und Grillen sind im Wald verboten<\/a><\/strong><br>Leonberger Kreiszeitung vom 22.04.2020<\/p>\n\n\n\n<p>\u00bb<strong><a href=\"https:\/\/www.stuttgarter-zeitung.de\/inhalt.ausstellung-in-herrenberg-was-staedte-gegen-klimawandel-tun-koennen.ce7af989-f8fd-456c-bf3c-abe91c250e42.html\" target=\"_blank\" aria-label=\"undefined (opens in a new tab)\" rel=\"noreferrer noopener\">Ausstellung in Herrenberg &#8211; Was St\u00e4dte gegen den Klimawandel tun k\u00f6nnen<\/a><\/strong><br>Stuttgarter Zeitung vom 13.03.2020<\/p>\n\n\n\n<p>\u00bb<strong><a aria-label=\"undefined (opens in a new tab)\" href=\"https:\/\/www.krzbb.de\/krz_52_111830719-13-_Der-Klimawandel-macht-den-Baeumen-im-Inneren-der-Staedte-das-Leben-schwer.html\" target=\"_blank\" rel=\"noreferrer noopener\">Der Klimawandel macht den B\u00e4umen im Inneren der St\u00e4dte das Leben schwer<\/a><\/strong><br>Kreiszeitung B\u00f6blinger Bote vom 15.01.2020<\/p>\n\n\n\n<p>\u00bb<strong><a href=\"https:\/\/www.stuttgarter-zeitung.de\/inhalt.klimawandel-der-baum-der-zukunft-ist-kein-deutscher.2ce61084-dd22-4d3e-93d2-4471bdc54fbc.html\" target=\"_blank\" aria-label=\"undefined (opens in a new tab)\" rel=\"noreferrer noopener\">Klimawandel &#8211; Der Baum der Zukunft ist kein deutscher<\/a><\/strong><br>Stuttgarter Zeitung vom 14.01.2020<\/p>\n\n\n\n<p>\u00bb<strong><a href=\"https:\/\/www.gaeubote.de\/Nachrichten\/Neue-klimaresistentere-Arten-werden-gepflanzt-39140.html\" target=\"_blank\" aria-label=\"undefined (opens in a new tab)\" rel=\"noreferrer noopener\">Neue, klimaresistentere Arten werden gepflanzt<\/a><\/strong><br>G\u00e4ubote &#8211; Die Herrenberger Zeitung vom 14.01.2020<\/p>\n\n\n\n<p>\u00bb<strong><a aria-label=\"undefined (opens in a new tab)\" href=\"https:\/\/www.stuttgarter-zeitung.de\/inhalt.leonberg-fussbodenkuehlung-fuer-die-hitze-kitas.83618a3a-2317-40c0-97b8-cde851ae52a6.html?reduced=true\" target=\"_blank\" rel=\"noreferrer noopener\">Fu\u00dfbodenk\u00fchlung f\u00fcr die Hitze-Kitas<\/a><\/strong><br>Stuttgarter Zeitung vom 13.11.2019<\/p>\n\n\n\n<p>\u00bb<strong><a aria-label=\"undefined (opens in a new tab)\" href=\"https:\/\/www.stuttgarter-zeitung.de\/inhalt.hochwasserschutz-renningen-der-maisgraben-bekommt-kurven.d616a86a-81d1-42ac-8ac6-89fa34b4d5ed.html?reduced=true\" target=\"_blank\" rel=\"noreferrer noopener\">Der Maisgraben bekommt Kurven<br><\/a><\/strong>Stuttgarter Zeitung vom 02.10.2019<\/p>\n\n\n\n<p>\u00bb<strong><a aria-label=\"undefined (opens in a new tab)\" href=\"https:\/\/www.krzbb.de\/krz_52_111770988-13-_Foerster-im-Kampf-mit-dem-Borkenkaefer.html\" target=\"_blank\" rel=\"noreferrer noopener\">F\u00f6rster im Kampf mit dem Borkenk\u00e4fer<br><\/a><\/strong>Kreiszeitung B\u00f6blinger Bote vom 12.09.2019<\/p>\n\n\n\n<p>\u00bb<strong><a aria-label=\"undefined (opens in a new tab)\" href=\"https:\/\/www.stuttgarter-zeitung.de\/inhalt.praevention-in-waldenbuch-wie-man-sich-bei-hochwasser-schuetzt.42009c99-a1e8-4db2-9b78-2b86a6c660ca.html?reduced=true\" target=\"_blank\" rel=\"noreferrer noopener\">Wie man sich bei Hochwasser sch\u00fctzt<br><\/a><\/strong>Stuttgarter Zeitung vom 15.03.2019<\/p>\n\n\n\n<p>\u00bb<strong><a href=\"https:\/\/www.stuttgarter-nachrichten.de\/inhalt.waldenbuch-bei-starkregen-droht-land-unter.9efad5d4-4bf0-4adb-8776-270a9272657c.html\" target=\"_blank\" aria-label=\"undefined (opens in a new tab)\" rel=\"noreferrer noopener\">Bei Starkregen droht Land unter<br><\/a><\/strong>Stuttgarter Nachrichten vom 09.11.2018<\/p>\n\n\n\n<p>\u00bb<strong><a aria-label=\"undefined (opens in a new tab)\" href=\"https:\/\/www.bbheute.de\/nachrichten\/so-reagiert-der-koerper-auf-die-hitze-4-8-2018\/\" target=\"_blank\" rel=\"noreferrer noopener\">So reagiert der K\u00f6rper auf die Hitze<br><\/a><\/strong>BB heute vom 04.08.2018<\/p>\n\n\n\n<p>\u00bb<strong><a aria-label=\"undefined (opens in a new tab)\" href=\"https:\/\/www.stuttgarter-nachrichten.de\/inhalt.hochwasser-im-kreis-boeblingen-wenn-die-wuerm-ein-reissender-strom-wird.51252e50-70e3-4204-9f6e-c3b7a5bc8840.html\" target=\"_blank\" rel=\"noreferrer noopener\">Wenn die W\u00fcrm ein rei\u00dfender Strom wird<br><\/a><\/strong>Stuttgarter Nachrichten vom 14.04.2018<\/p>\n\n\n\n<p>\u00bb<strong><a aria-label=\"undefined (opens in a new tab)\" href=\"https:\/\/www.krzbb.de\/krz_50_111533535-13_Unwetter-trifft-Kreis-Boeblingen-hart-VIDEOFOTOGALERIE.html\" target=\"_blank\" rel=\"noreferrer noopener\">Unwetter trifft Kreis B\u00f6blingen hart<br><\/a><\/strong>B\u00f6blinger Bote vom 01.06.2018<\/p>\n\n\n\n<p>\u00bb<strong><a href=\"https:\/\/www.krzbb.de\/krz_50_111325194-13-_Frostschaeden-Heimisches-Obst-wird-in-diesem-Jahr-rar.html\" target=\"_blank\" aria-label=\"undefined (opens in a new tab)\" rel=\"noreferrer noopener\">Frostsch\u00e4den: Heimisches Obst wird in diesem Jahr rar<br><\/a><\/strong>Kreiszeitung B\u00f6blinger Bote vom 22.05.2017<\/p>\n\n\t<\/div>\n\n\n\n<div class=\"col-12 col-md-4\">\n\t\t\t\n\n\n\n<figure class=\"wp-block-image size-large advert bottom\"><img loading=\"lazy\" decoding=\"async\" width=\"1024\" height=\"613\" src=\"https:\/\/lokale-klimaanpassung.de\/wp-content\/uploads\/2021\/11\/BMU_2018_supported_Office_Farbe_eng-1024x613.png\" alt=\"\" class=\"wp-image-6484\" srcset=\"https:\/\/lokale-klimaanpassung.de\/wp-content\/uploads\/2021\/11\/BMU_2018_supported_Office_Farbe_eng-1024x613.png 1024w, https:\/\/lokale-klimaanpassung.de\/wp-content\/uploads\/2021\/11\/BMU_2018_supported_Office_Farbe_eng-300x180.png 300w, https:\/\/lokale-klimaanpassung.de\/wp-content\/uploads\/2021\/11\/BMU_2018_supported_Office_Farbe_eng-768x460.png 768w, https:\/\/lokale-klimaanpassung.de\/wp-content\/uploads\/2021\/11\/BMU_2018_supported_Office_Farbe_eng-1536x919.png 1536w, https:\/\/lokale-klimaanpassung.de\/wp-content\/uploads\/2021\/11\/BMU_2018_supported_Office_Farbe_eng-2048x1226.png 2048w\" sizes=\"auto, (max-width: 1024px) 100vw, 1024px\" \/><\/figure>\n\n\t<\/div>\n\n<\/div>\n\n\n\n<div style=\"height:20px\" aria-hidden=\"true\" class=\"wp-block-spacer\"><\/div>\n\n\n\n<p><\/p>\n","protected":false},"excerpt":{"rendered":"<p> \u2026<a href=\"https:\/\/lokale-klimaanpassung.de\/en\/uber-das-projekt\/medienspiegel\/\">Read more<\/a><\/p>\n","protected":false},"author":1,"featured_media":0,"parent":6075,"menu_order":27,"comment_status":"closed","ping_status":"closed","template":"","meta":{"inline_featured_image":false,"_EventAllDay":false,"_EventTimezone":"","_EventStartDate":"","_EventEndDate":"","_EventStartDateUTC":"","_EventEndDateUTC":"","_EventShowMap":false,"_EventShowMapLink":false,"_EventURL":"","_EventCost":"","_EventCostDescription":"","_EventCurrencySymbol":"","_EventCurrencyCode":"","_EventCurrencyPosition":"","_EventDateTimeSeparator":"","_EventTimeRangeSeparator":"","_EventOrganizerID":[],"_EventVenueID":[],"_OrganizerEmail":"","_OrganizerPhone":"","_OrganizerWebsite":"","_VenueAddress":"","_VenueCity":"","_VenueCountry":"","_VenueProvince":"","_VenueState":"","_VenueZip":"","_VenuePhone":"","_VenueURL":"","_VenueStateProvince":"","_VenueLat":"","_VenueLng":"","_VenueShowMap":false,"_VenueShowMapLink":false,"footnotes":""},"class_list":["post-6083","page","type-page","status-publish","hentry","current-obj"],"yoast_head":"<!-- This site is optimized with the Yoast SEO plugin v27.5 - https:\/\/yoast.com\/product\/yoast-seo-wordpress\/ -->\n<title>Media review - Lokale Klimaanpassung<\/title>\n<meta name=\"description\" content=\"Medienberichte zum Thema lokale Klimaanpassungsstrategien in kleinen und mittleren Kommunen und Landkreisen in Baden-W\u00fcrttemberg.\" \/>\n<meta name=\"robots\" content=\"index, follow, max-snippet:-1, max-image-preview:large, max-video-preview:-1\" \/>\n<link rel=\"canonical\" href=\"https:\/\/lokale-klimaanpassung.de\/en\/uber-das-projekt\/medienspiegel\/\" \/>\n<meta property=\"og:locale\" content=\"en_US\" \/>\n<meta property=\"og:type\" content=\"article\" \/>\n<meta property=\"og:title\" content=\"Media review - Lokale Klimaanpassung\" \/>\n<meta property=\"og:description\" content=\"Medienberichte zum Thema lokale Klimaanpassungsstrategien in kleinen und mittleren Kommunen und Landkreisen in Baden-W\u00fcrttemberg.\" \/>\n<meta property=\"og:url\" content=\"https:\/\/lokale-klimaanpassung.de\/en\/uber-das-projekt\/medienspiegel\/\" \/>\n<meta property=\"og:site_name\" content=\"Lokale Klimaanpassung\" \/>\n<meta property=\"article:modified_time\" content=\"2021-12-06T19:08:33+00:00\" \/>\n<meta name=\"twitter:card\" content=\"summary_large_image\" \/>\n<meta name=\"twitter:site\" content=\"@loklimfreiburg\" \/>\n<meta name=\"twitter:label1\" content=\"Est. reading time\" \/>\n\t<meta name=\"twitter:data1\" content=\"4 minutes\" \/>\n<script type=\"application\/ld+json\" class=\"yoast-schema-graph\">{\"@context\":\"https:\\\/\\\/schema.org\",\"@graph\":[{\"@type\":\"WebPage\",\"@id\":\"https:\\\/\\\/lokale-klimaanpassung.de\\\/en\\\/uber-das-projekt\\\/medienspiegel\\\/\",\"url\":\"https:\\\/\\\/lokale-klimaanpassung.de\\\/en\\\/uber-das-projekt\\\/medienspiegel\\\/\",\"name\":\"Media review - Lokale Klimaanpassung\",\"isPartOf\":{\"@id\":\"https:\\\/\\\/lokale-klimaanpassung.de\\\/#website\"},\"datePublished\":\"2020-07-07T12:16:35+00:00\",\"dateModified\":\"2021-12-06T19:08:33+00:00\",\"description\":\"Medienberichte zum Thema lokale Klimaanpassungsstrategien in kleinen und mittleren Kommunen und Landkreisen in Baden-W\u00fcrttemberg.\",\"breadcrumb\":{\"@id\":\"https:\\\/\\\/lokale-klimaanpassung.de\\\/en\\\/uber-das-projekt\\\/medienspiegel\\\/#breadcrumb\"},\"inLanguage\":\"en-US\",\"potentialAction\":[{\"@type\":\"ReadAction\",\"target\":[\"https:\\\/\\\/lokale-klimaanpassung.de\\\/en\\\/uber-das-projekt\\\/medienspiegel\\\/\"]}]},{\"@type\":\"BreadcrumbList\",\"@id\":\"https:\\\/\\\/lokale-klimaanpassung.de\\\/en\\\/uber-das-projekt\\\/medienspiegel\\\/#breadcrumb\",\"itemListElement\":[{\"@type\":\"ListItem\",\"position\":1,\"name\":\"Start\",\"item\":\"https:\\\/\\\/lokale-klimaanpassung.de\\\/en\\\/\"},{\"@type\":\"ListItem\",\"position\":2,\"name\":\"About the project\",\"item\":\"https:\\\/\\\/lokale-klimaanpassung.de\\\/en\\\/uber-das-projekt\\\/\"},{\"@type\":\"ListItem\",\"position\":3,\"name\":\"Media review\"}]},{\"@type\":\"WebSite\",\"@id\":\"https:\\\/\\\/lokale-klimaanpassung.de\\\/#website\",\"url\":\"https:\\\/\\\/lokale-klimaanpassung.de\\\/\",\"name\":\"Lokale Klimaanpassung\",\"description\":\"Lokale Klimaintiativen Baden-W\u00fcrttemberg\",\"publisher\":{\"@id\":\"https:\\\/\\\/lokale-klimaanpassung.de\\\/#organization\"},\"potentialAction\":[{\"@type\":\"SearchAction\",\"target\":{\"@type\":\"EntryPoint\",\"urlTemplate\":\"https:\\\/\\\/lokale-klimaanpassung.de\\\/?s={search_term_string}\"},\"query-input\":{\"@type\":\"PropertyValueSpecification\",\"valueRequired\":true,\"valueName\":\"search_term_string\"}}],\"inLanguage\":\"en-US\"},{\"@type\":\"Organization\",\"@id\":\"https:\\\/\\\/lokale-klimaanpassung.de\\\/#organization\",\"name\":\"Lokale Klimaanpassung\",\"url\":\"https:\\\/\\\/lokale-klimaanpassung.de\\\/\",\"logo\":{\"@type\":\"ImageObject\",\"inLanguage\":\"en-US\",\"@id\":\"https:\\\/\\\/lokale-klimaanpassung.de\\\/#\\\/schema\\\/logo\\\/image\\\/\",\"url\":\"https:\\\/\\\/lokale-klimaanpassung.de\\\/wp-content\\\/uploads\\\/2021\\\/10\\\/LoKlim_Signet_vertikal_en.svg\",\"contentUrl\":\"https:\\\/\\\/lokale-klimaanpassung.de\\\/wp-content\\\/uploads\\\/2021\\\/10\\\/LoKlim_Signet_vertikal_en.svg\",\"width\":184,\"height\":145,\"caption\":\"Lokale Klimaanpassung\"},\"image\":{\"@id\":\"https:\\\/\\\/lokale-klimaanpassung.de\\\/#\\\/schema\\\/logo\\\/image\\\/\"},\"sameAs\":[\"https:\\\/\\\/x.com\\\/loklimfreiburg\"]}]}<\/script>\n<!-- \/ Yoast SEO plugin. -->","yoast_head_json":{"title":"Media review - Lokale Klimaanpassung","description":"Medienberichte zum Thema lokale Klimaanpassungsstrategien in kleinen und mittleren Kommunen und Landkreisen in Baden-W\u00fcrttemberg.","robots":{"index":"index","follow":"follow","max-snippet":"max-snippet:-1","max-image-preview":"max-image-preview:large","max-video-preview":"max-video-preview:-1"},"canonical":"https:\/\/lokale-klimaanpassung.de\/en\/uber-das-projekt\/medienspiegel\/","og_locale":"en_US","og_type":"article","og_title":"Media review - Lokale Klimaanpassung","og_description":"Medienberichte zum Thema lokale Klimaanpassungsstrategien in kleinen und mittleren Kommunen und Landkreisen in Baden-W\u00fcrttemberg.","og_url":"https:\/\/lokale-klimaanpassung.de\/en\/uber-das-projekt\/medienspiegel\/","og_site_name":"Lokale Klimaanpassung","article_modified_time":"2021-12-06T19:08:33+00:00","twitter_card":"summary_large_image","twitter_site":"@loklimfreiburg","twitter_misc":{"Est. reading time":"4 minutes"},"schema":{"@context":"https:\/\/schema.org","@graph":[{"@type":"WebPage","@id":"https:\/\/lokale-klimaanpassung.de\/en\/uber-das-projekt\/medienspiegel\/","url":"https:\/\/lokale-klimaanpassung.de\/en\/uber-das-projekt\/medienspiegel\/","name":"Media review - Lokale Klimaanpassung","isPartOf":{"@id":"https:\/\/lokale-klimaanpassung.de\/#website"},"datePublished":"2020-07-07T12:16:35+00:00","dateModified":"2021-12-06T19:08:33+00:00","description":"Medienberichte zum Thema lokale Klimaanpassungsstrategien in kleinen und mittleren Kommunen und Landkreisen in Baden-W\u00fcrttemberg.","breadcrumb":{"@id":"https:\/\/lokale-klimaanpassung.de\/en\/uber-das-projekt\/medienspiegel\/#breadcrumb"},"inLanguage":"en-US","potentialAction":[{"@type":"ReadAction","target":["https:\/\/lokale-klimaanpassung.de\/en\/uber-das-projekt\/medienspiegel\/"]}]},{"@type":"BreadcrumbList","@id":"https:\/\/lokale-klimaanpassung.de\/en\/uber-das-projekt\/medienspiegel\/#breadcrumb","itemListElement":[{"@type":"ListItem","position":1,"name":"Start","item":"https:\/\/lokale-klimaanpassung.de\/en\/"},{"@type":"ListItem","position":2,"name":"About the project","item":"https:\/\/lokale-klimaanpassung.de\/en\/uber-das-projekt\/"},{"@type":"ListItem","position":3,"name":"Media review"}]},{"@type":"WebSite","@id":"https:\/\/lokale-klimaanpassung.de\/#website","url":"https:\/\/lokale-klimaanpassung.de\/","name":"Lokale Klimaanpassung","description":"Lokale Klimaintiativen Baden-W\u00fcrttemberg","publisher":{"@id":"https:\/\/lokale-klimaanpassung.de\/#organization"},"potentialAction":[{"@type":"SearchAction","target":{"@type":"EntryPoint","urlTemplate":"https:\/\/lokale-klimaanpassung.de\/?s={search_term_string}"},"query-input":{"@type":"PropertyValueSpecification","valueRequired":true,"valueName":"search_term_string"}}],"inLanguage":"en-US"},{"@type":"Organization","@id":"https:\/\/lokale-klimaanpassung.de\/#organization","name":"Lokale Klimaanpassung","url":"https:\/\/lokale-klimaanpassung.de\/","logo":{"@type":"ImageObject","inLanguage":"en-US","@id":"https:\/\/lokale-klimaanpassung.de\/#\/schema\/logo\/image\/","url":"https:\/\/lokale-klimaanpassung.de\/wp-content\/uploads\/2021\/10\/LoKlim_Signet_vertikal_en.svg","contentUrl":"https:\/\/lokale-klimaanpassung.de\/wp-content\/uploads\/2021\/10\/LoKlim_Signet_vertikal_en.svg","width":184,"height":145,"caption":"Lokale Klimaanpassung"},"image":{"@id":"https:\/\/lokale-klimaanpassung.de\/#\/schema\/logo\/image\/"},"sameAs":["https:\/\/x.com\/loklimfreiburg"]}]}},"hisi_hide_singular":"","_links":{"self":[{"href":"https:\/\/lokale-klimaanpassung.de\/en\/wp-json\/wp\/v2\/pages\/6083","targetHints":{"allow":["GET"]}}],"collection":[{"href":"https:\/\/lokale-klimaanpassung.de\/en\/wp-json\/wp\/v2\/pages"}],"about":[{"href":"https:\/\/lokale-klimaanpassung.de\/en\/wp-json\/wp\/v2\/types\/page"}],"author":[{"embeddable":true,"href":"https:\/\/lokale-klimaanpassung.de\/en\/wp-json\/wp\/v2\/users\/1"}],"replies":[{"embeddable":true,"href":"https:\/\/lokale-klimaanpassung.de\/en\/wp-json\/wp\/v2\/comments?post=6083"}],"version-history":[{"count":3,"href":"https:\/\/lokale-klimaanpassung.de\/en\/wp-json\/wp\/v2\/pages\/6083\/revisions"}],"predecessor-version":[{"id":7030,"href":"https:\/\/lokale-klimaanpassung.de\/en\/wp-json\/wp\/v2\/pages\/6083\/revisions\/7030"}],"up":[{"embeddable":true,"href":"https:\/\/lokale-klimaanpassung.de\/en\/wp-json\/wp\/v2\/pages\/6075"}],"wp:attachment":[{"href":"https:\/\/lokale-klimaanpassung.de\/en\/wp-json\/wp\/v2\/media?parent=6083"}],"curies":[{"name":"wp","href":"https:\/\/api.w.org\/{rel}","templated":true}]}}