{"id":6071,"date":"2020-07-06T07:17:12","date_gmt":"2020-07-06T07:17:12","guid":{"rendered":"https:\/\/lokale-klimaanpassung.de\/das-forschungsprojekt-loklim\/"},"modified":"2025-06-15T17:58:20","modified_gmt":"2025-06-15T15:58:20","slug":"das-forschungsprojekt-loklim","status":"publish","type":"page","link":"https:\/\/lokale-klimaanpassung.de\/en\/","title":{"rendered":"The research project LoKlim"},"content":{"rendered":"<div class=\"wp-bootstrap-blocks-row row\">\n\t\n\n<div class=\"col-12 col-md-8\">\n\t\t\t\n\n<p>Climate change is affecting more and more municipalities and districts in Baden-W\u00fcrttemberg. In particular small and medium-sized municipalities usually lack the necessary capacities to counter the effects of climate change with strategically oriented and at the same time efficient adaptation processes.<\/p>\n\n\n\n<p>In cooperation with partners from the municipalities and districts, the University of Freiburg is developing local strategies for adapting to the consequences of climate change. The German Federal Ministry for Environment, Nature Conservation, Nuclear Safety and Consumer Protection (BMUV) funds the project as part of the German Adaptation Strategy (DAS).<\/p>\n\n\n\n<div style=\"height:40px\" aria-hidden=\"true\" class=\"wp-block-spacer\"><\/div>\n\n\n<div class=\"wp-bootstrap-blocks-row row\">\n\t\n\n<div class=\"col-12 col-md-6\">\n\t\t\t\n<div class=\"wp-block-lklk-quicklink \" ><article class=\"hentry\" ><div class=\"quicklink-before\"><p>German Sustainability Award<\/p>\n<\/div><a class=\"quicklink mb-2\" href=\"https:\/\/lokale-klimaanpassung.de\/en\/aktuelles\/projekt-loklim-als-finalist-des-deutschen-nachhaltigkeitspreises-forschung-geehrt\/\" title=\"LoKlim honored as finalist \" ><div class=\"abs-full-size overflow-hidden\"><img loading=\"lazy\" decoding=\"async\" width=\"768\" height=\"543\" src=\"https:\/\/lokale-klimaanpassung.de\/wp-content\/uploads\/2021\/10\/Pressefoto_Deutscher_Nachhaltigkeitspreis_Preisstatuette_Fotocredit_Frank_Fendler_2021-768x543.jpg\" class=\"img-full-cover\" alt=\"\" srcset=\"https:\/\/lokale-klimaanpassung.de\/wp-content\/uploads\/2021\/10\/Pressefoto_Deutscher_Nachhaltigkeitspreis_Preisstatuette_Fotocredit_Frank_Fendler_2021-768x543.jpg 768w, https:\/\/lokale-klimaanpassung.de\/wp-content\/uploads\/2021\/10\/Pressefoto_Deutscher_Nachhaltigkeitspreis_Preisstatuette_Fotocredit_Frank_Fendler_2021-300x212.jpg 300w, https:\/\/lokale-klimaanpassung.de\/wp-content\/uploads\/2021\/10\/Pressefoto_Deutscher_Nachhaltigkeitspreis_Preisstatuette_Fotocredit_Frank_Fendler_2021-1024x724.jpg 1024w, https:\/\/lokale-klimaanpassung.de\/wp-content\/uploads\/2021\/10\/Pressefoto_Deutscher_Nachhaltigkeitspreis_Preisstatuette_Fotocredit_Frank_Fendler_2021-1536x1086.jpg 1536w, https:\/\/lokale-klimaanpassung.de\/wp-content\/uploads\/2021\/10\/Pressefoto_Deutscher_Nachhaltigkeitspreis_Preisstatuette_Fotocredit_Frank_Fendler_2021-2048x1448.jpg 2048w\" sizes=\"auto, (max-width: 768px) 100vw, 768px\" \/><div class=\"quicklink-title quicklink-title__bottom\">LoKlim honored as finalist <\/div><\/div><\/a><\/article><\/div>\n\t<\/div>\n\n\n\n<div class=\"col-12 col-md-6\">\n\t\t\t\n<div class=\"wp-block-lklk-quicklink \" ><article class=\"hentry\" ><div class=\"quicklink-before\"><p>Climate Change Adaptation<\/p>\n<\/div><a class=\"quicklink mb-2\" href=\"https:\/\/lokale-klimaanpassung.de\/en\/projektpartner\/pilotpartner\/\" title=\"Project partners\" ><div class=\"abs-full-size overflow-hidden\"><img loading=\"lazy\" decoding=\"async\" width=\"768\" height=\"336\" src=\"https:\/\/lokale-klimaanpassung.de\/wp-content\/uploads\/2020\/07\/Bodenseekreis-768x336.jpg\" class=\"img-full-cover\" alt=\"\" srcset=\"https:\/\/lokale-klimaanpassung.de\/wp-content\/uploads\/2020\/07\/Bodenseekreis-768x336.jpg 768w, https:\/\/lokale-klimaanpassung.de\/wp-content\/uploads\/2020\/07\/Bodenseekreis-300x131.jpg 300w, https:\/\/lokale-klimaanpassung.de\/wp-content\/uploads\/2020\/07\/Bodenseekreis-1024x448.jpg 1024w, https:\/\/lokale-klimaanpassung.de\/wp-content\/uploads\/2020\/07\/Bodenseekreis.jpg 1300w\" sizes=\"auto, (max-width: 768px) 100vw, 768px\" \/><div class=\"quicklink-title quicklink-title__bottom\">Project partners<\/div><\/div><\/a><\/article><\/div>\n\t<\/div>\n\n<\/div>\n\n\n\n<div style=\"height:20px\" aria-hidden=\"true\" class=\"wp-block-spacer\"><\/div>\n\n\n\n<h2 class=\"wp-block-heading icon-before icon-before-calendar\">Latest news<\/h2>\n\n\n<ul class=\"wp-block-latest-posts wp-block-latest-posts__list wp-block-lapo-latest-posts has-dates post type-post\"><li class=\" wp-block-latest-posts__post post type-post\"><a class=\"wp-block-latest-post__title\" href=\"https:\/\/lokale-klimaanpassung.de\/en\/aktuelles\/strategies-for-a-climate-resilient-lake-constance-district\/\" target=\"_self\">Strategies for a climate resilient Lake Constance district<\/a><time datetime=\"2022-04-11T21:50:13+02:00\" class=\"wp-block-latest-posts__post-date\">11. April 2022<\/time><div class=\"wp-block-latest-posts__post-excerpt\">The discussion of strategies and goals for adapting to the consequences of climate change was the focus of the second LoKlim workshop in the Lake Constance district on Wednesday, March 30 in Frickingen. More than 30 stakeholders from the district administration, politics, municipalities as well as experts from climate-relevant fields of action exchanged strategies, goals and measures for the development of a climate robust future in the Lake Constance district. \u2026<a href=\"https:\/\/lokale-klimaanpassung.de\/en\/aktuelles\/strategies-for-a-climate-resilient-lake-constance-district\/\" target=\"_self\">Read more<\/a><\/div><\/li><li class=\" wp-block-latest-posts__post post type-post\"><a class=\"wp-block-latest-post__title\" href=\"https:\/\/lokale-klimaanpassung.de\/en\/aktuelles\/enzkreis-actively-consider-climate-change-adaptation-in-current-planning-processes\/\" target=\"_self\">Enzkreis: Actively consider climate change adaptation in current planning processes<\/a><time datetime=\"2022-04-11T21:39:47+02:00\" class=\"wp-block-latest-posts__post-date\">11. April 2022<\/time><div class=\"wp-block-latest-posts__post-excerpt\">The discussion of strategies and goals for adapting to the consequences of climate change was the focus of the second LoKlim workshop in the Enzkreis on Monday, February 21. During the online event, more than 40 stakeholders from the district administration, the district council, the municipalities as well as experts from the fields of nature conservation and environmental protection, economic development, agriculture and frost management, transport, energy and climate protection as well as health and social affairs exchanged strategies, goals and measures for the development of a climate robust future in the Enzkreis. \u2026<a href=\"https:\/\/lokale-klimaanpassung.de\/en\/aktuelles\/enzkreis-actively-consider-climate-change-adaptation-in-current-planning-processes\/\" target=\"_self\">Read more<\/a><\/div><\/li><li class=\" wp-block-latest-posts__post post type-post\"><a class=\"wp-block-latest-post__title\" href=\"https:\/\/lokale-klimaanpassung.de\/en\/aktuelles\/projekt-loklim-als-finalist-des-deutschen-nachhaltigkeitspreises-forschung-geehrt\/\" target=\"_self\">LoKlim&#8221; project honored as finalist of the German Sustainability Award for Research<\/a><time datetime=\"2022-01-28T12:44:41+02:00\" class=\"wp-block-latest-posts__post-date\">28. January 2022<\/time><div class=\"wp-block-latest-posts__post-excerpt\">The research project \u201cLocal competence development for climate change adaptation in small and medium-sized municipalities and districts,\u201d LoKlim for short, was honored as a finalist of the German Sustainability Award 2022 in the category Research. The award ceremony took place on December 3, 2021 in D\u00fcsseldorf. \u2026<a href=\"https:\/\/lokale-klimaanpassung.de\/en\/aktuelles\/projekt-loklim-als-finalist-des-deutschen-nachhaltigkeitspreises-forschung-geehrt\/\" target=\"_self\">Read more<\/a><\/div><\/li><\/ul>\n\n\n<div class=\"wp-block-buttons is-layout-flex wp-block-buttons-is-layout-flex\">\n<div class=\"wp-block-button is-style-outline is-style-outline--1\"><a class=\"wp-block-button__link has-primary-color has-text-color wp-element-button\" href=\"https:\/\/lokale-klimaanpassung.de\/en\/aktuelles\/\" style=\"border-radius:25px\" rel=\"https:\/\/lokale-klimaanpassung.de\/aktuelles\/\">All news<\/a><\/div>\n<\/div>\n\n\n<div class=\"wp-bootstrap-blocks-row row\">\n\t\n\n<div class=\"col-12 col-md-6\">\n\t\t\t\n\n<h3 class=\"wp-block-heading\">News on Twitter<\/h3>\n\n\n <div class=\"brlbs-cmpnt-container brlbs-cmpnt-content-blocker brlbs-cmpnt-with-individual-styles\" data-borlabs-cookie-content-blocker-id=\"default\" data-borlabs-cookie-content=\"PC9wPgo8cD48YSBjbGFzcz0idHdpdHRlci10aW1lbGluZSIgZGF0YS1oZWlnaHQ9IjUwMCIgaHJlZj0iaHR0cHM6Ly90d2l0dGVyLmNvbS9sb2tsaW1mcmVpYnVyZz9yZWZfc3JjPXR3c3JjJTVFdGZ3Ij5Ud2VldHMgYnkgbG9rbGltZnJlaWJ1cmc8L2E+IDxzY3JpcHQgZGF0YS1jb29raWVzY3JpcHQ9ImFjY2VwdGVkIiBkYXRhLWNvb2tpZWNhdGVnb3J5PSJmdW5jdGlvbmFsaXR5IiBzcmM9Imh0dHBzOi8vcGxhdGZvcm0udHdpdHRlci5jb20vd2lkZ2V0cy5qcyIgY2hhcnNldD0idXRmLTgiPjwvc2NyaXB0PjwvcD4KPHA+\"><div class=\"brlbs-cmpnt-cb-preset-a\"> <p class=\"brlbs-cmpnt-cb-description\">You are currently viewing a placeholder content from <strong>Default<\/strong>. To access the actual content, click the button below. Please note that doing so will share data with third-party providers.<\/p> <div class=\"brlbs-cmpnt-cb-buttons\"> <a class=\"brlbs-cmpnt-cb-btn\" href=\"#\" data-borlabs-cookie-unblock role=\"button\">Unblock content<\/a> <a class=\"brlbs-cmpnt-cb-btn\" href=\"#\" data-borlabs-cookie-accept-service role=\"button\" style=\"display: none\">Accept required service and unblock content<\/a> <\/div> <a class=\"brlbs-cmpnt-cb-provider-toggle\" href=\"#\" data-borlabs-cookie-show-provider-information role=\"button\">More Information<\/a> <\/div><\/div>\n\n\t<\/div>\n\n\n\n<div class=\"col-12 col-md-6\">\n\t\t\t\t<\/div>\n\n<\/div>\n\n\t<\/div>\n\n\n\n<div class=\"col-12 col-md-4\">\n\t\t\t\n\n\n\n<h3 class=\"wp-block-heading\">Project Partner<\/h3>\n\n\n\n<figure class=\"wp-block-image size-large is-resized\"><a href=\"https:\/\/lokale-klimaanpassung.de\/en\/projektpartner\/\"><img loading=\"lazy\" decoding=\"async\" width=\"914\" height=\"1024\" src=\"https:\/\/lokale-klimaanpassung.de\/wp-content\/uploads\/2020\/07\/Karte_BW_LoKlim_2_white_bigtype-914x1024.png\" alt=\"\" class=\"wp-image-289\" style=\"width:378px\" srcset=\"https:\/\/lokale-klimaanpassung.de\/wp-content\/uploads\/2020\/07\/Karte_BW_LoKlim_2_white_bigtype-914x1024.png 914w, https:\/\/lokale-klimaanpassung.de\/wp-content\/uploads\/2020\/07\/Karte_BW_LoKlim_2_white_bigtype-268x300.png 268w, https:\/\/lokale-klimaanpassung.de\/wp-content\/uploads\/2020\/07\/Karte_BW_LoKlim_2_white_bigtype-768x861.png 768w, https:\/\/lokale-klimaanpassung.de\/wp-content\/uploads\/2020\/07\/Karte_BW_LoKlim_2_white_bigtype-1371x1536.png 1371w, https:\/\/lokale-klimaanpassung.de\/wp-content\/uploads\/2020\/07\/Karte_BW_LoKlim_2_white_bigtype-1828x2048.png 1828w, https:\/\/lokale-klimaanpassung.de\/wp-content\/uploads\/2020\/07\/Karte_BW_LoKlim_2_white_bigtype.png 2048w\" sizes=\"auto, (max-width: 914px) 100vw, 914px\" \/><\/a><\/figure>\n\n\n\n<div class=\"wp-block-buttons themen is-layout-flex wp-block-buttons-is-layout-flex\">\n<div class=\"wp-block-button\"><a class=\"wp-block-button__link wp-element-button\" href=\"https:\/\/lokale-klimaanpassung.de\/en\/?post_type=lklk_pilot&amp;p=6142\">City of Bad Krozingen<\/a><\/div>\n\n\n\n<div class=\"wp-block-button\"><a class=\"wp-block-button__link wp-element-button\" href=\"https:\/\/lokale-klimaanpassung.de\/en\/?post_type=lklk_pilot&amp;p=6133\">Lake Constanze District<\/a><\/div>\n\n\n\n<div class=\"wp-block-button\"><a class=\"wp-block-button__link wp-element-button\" href=\"https:\/\/lokale-klimaanpassung.de\/en\/?post_type=lklk_pilot&amp;p=6138\">City of B\u00f6blingen<\/a><\/div>\n\n\n\n<div class=\"wp-block-button\"><a class=\"wp-block-button__link wp-element-button\" href=\"https:\/\/lokale-klimaanpassung.de\/en\/projektpartner\/netzwerkpartner\/\">Emmendingen<\/a><\/div>\n\n\n\n<div class=\"wp-block-button\"><a class=\"wp-block-button__link wp-element-button\" href=\"https:\/\/lokale-klimaanpassung.de\/en\/?post_type=lklk_pilot&amp;p=6131\">Enzkreis District<\/a><\/div>\n\n\n\n<div class=\"wp-block-button\"><a class=\"wp-block-button__link wp-element-button\" href=\"https:\/\/lokale-klimaanpassung.de\/en\/projektpartner\/netzwerkpartner\/\">Freiburg<\/a><\/div>\n\n\n\n<div class=\"wp-block-button\"><a class=\"wp-block-button__link wp-element-button\" href=\"https:\/\/lokale-klimaanpassung.de\/en\/?post_type=lklk_pilot&amp;p=6139\">Kehl<\/a><\/div>\n\n\n\n<div class=\"wp-block-button\"><a class=\"wp-block-button__link wp-element-button\" href=\"https:\/\/lokale-klimaanpassung.de\/en\/projektpartner\/netzwerkpartner\/\">Lahr<\/a><\/div>\n\n\n\n<div class=\"wp-block-button\"><a class=\"wp-block-button__link wp-element-button\" href=\"https:\/\/lokale-klimaanpassung.de\/en\/?post_type=lklk_pilot&amp;p=6136\">B\u00f6blingen District<\/a><\/div>\n\n\n\n<div class=\"wp-block-button\"><a class=\"wp-block-button__link wp-element-button\" href=\"https:\/\/lokale-klimaanpassung.de\/en\/projektpartner\/netzwerkpartner\/\">Mannheim<\/a><\/div>\n\n\n\n<div class=\"wp-block-button\"><a class=\"wp-block-button__link wp-element-button\" href=\"https:\/\/lokale-klimaanpassung.de\/en\/projektpartner\/netzwerkpartner\/\">Rastatt<\/a><\/div>\n\n\n\n<div class=\"wp-block-button\"><a class=\"wp-block-button__link wp-element-button\" href=\"https:\/\/lokale-klimaanpassung.de\/en\/projektpartner\/netzwerkpartner\/\">Waiblingen<\/a><\/div>\n\n\n\n<div class=\"wp-block-button\"><a class=\"wp-block-button__link wp-element-button\" href=\"https:\/\/lokale-klimaanpassung.de\/en\/projektpartner\/netzwerkpartner\/\">Offenburg<\/a><\/div>\n<\/div>\n\n\n\n<div style=\"height:20px\" aria-hidden=\"true\" class=\"wp-block-spacer\"><\/div>\n\n\n\n<figure class=\"wp-block-image size-large advert\"><img loading=\"lazy\" decoding=\"async\" width=\"1024\" height=\"613\" src=\"https:\/\/lokale-klimaanpassung.de\/wp-content\/uploads\/2021\/10\/BMU_2018_supported_Office_Farbe_eng-1024x613.png\" alt=\"\" class=\"wp-image-6248\" srcset=\"https:\/\/lokale-klimaanpassung.de\/wp-content\/uploads\/2021\/10\/BMU_2018_supported_Office_Farbe_eng-1024x613.png 1024w, https:\/\/lokale-klimaanpassung.de\/wp-content\/uploads\/2021\/10\/BMU_2018_supported_Office_Farbe_eng-300x180.png 300w, https:\/\/lokale-klimaanpassung.de\/wp-content\/uploads\/2021\/10\/BMU_2018_supported_Office_Farbe_eng-768x460.png 768w, https:\/\/lokale-klimaanpassung.de\/wp-content\/uploads\/2021\/10\/BMU_2018_supported_Office_Farbe_eng-1536x919.png 1536w, https:\/\/lokale-klimaanpassung.de\/wp-content\/uploads\/2021\/10\/BMU_2018_supported_Office_Farbe_eng-2048x1226.png 2048w\" sizes=\"auto, (max-width: 1024px) 100vw, 1024px\" \/><\/figure>\n\n\n\n<div style=\"height:20px\" aria-hidden=\"true\" class=\"wp-block-spacer\"><\/div>\n\n\t<\/div>\n\n<\/div>\n\n\n\n<p><\/p>\n","protected":false},"excerpt":{"rendered":"<p> \u2026<a href=\"https:\/\/lokale-klimaanpassung.de\/en\/\">Read more<\/a><\/p>\n","protected":false},"author":1,"featured_media":0,"parent":0,"menu_order":15,"comment_status":"closed","ping_status":"closed","template":"","meta":{"inline_featured_image":false,"_EventAllDay":false,"_EventTimezone":"","_EventStartDate":"","_EventEndDate":"","_EventStartDateUTC":"","_EventEndDateUTC":"","_EventShowMap":false,"_EventShowMapLink":false,"_EventURL":"","_EventCost":"","_EventCostDescription":"","_EventCurrencySymbol":"","_EventCurrencyCode":"","_EventCurrencyPosition":"","_EventDateTimeSeparator":"","_EventTimeRangeSeparator":"","_EventOrganizerID":[],"_EventVenueID":[],"_OrganizerEmail":"","_OrganizerPhone":"","_OrganizerWebsite":"","_VenueAddress":"","_VenueCity":"","_VenueCountry":"","_VenueProvince":"","_VenueState":"","_VenueZip":"","_VenuePhone":"","_VenueURL":"","_VenueStateProvince":"","_VenueLat":"","_VenueLng":"","_VenueShowMap":false,"_VenueShowMapLink":false,"footnotes":""},"class_list":["post-6071","page","type-page","status-publish","hentry","current-obj"],"yoast_head":"<!-- This site is optimized with the Yoast SEO plugin v27.4 - https:\/\/yoast.com\/product\/yoast-seo-wordpress\/ -->\n<title>Forschungsprojekt zur lokalen Klimaanpassung<\/title>\n<meta name=\"description\" content=\"Die Universit\u00e4t Freiburg entwickelt mit lokalen Netzwerkpartnern Strategien zur Klimawandelanpassung auch f\u00fcr kleine Kommunen in Baden-W\u00fcrttemberg.\" \/>\n<meta name=\"robots\" content=\"index, follow, max-snippet:-1, max-image-preview:large, max-video-preview:-1\" \/>\n<link rel=\"canonical\" href=\"https:\/\/lokale-klimaanpassung.de\/en\/\" \/>\n<meta property=\"og:locale\" content=\"en_US\" \/>\n<meta property=\"og:type\" content=\"article\" \/>\n<meta property=\"og:title\" content=\"Forschungsprojekt zur lokalen Klimaanpassung\" \/>\n<meta property=\"og:description\" content=\"Die Universit\u00e4t Freiburg entwickelt mit lokalen Netzwerkpartnern Strategien zur Klimawandelanpassung auch f\u00fcr kleine Kommunen in Baden-W\u00fcrttemberg.\" \/>\n<meta property=\"og:url\" content=\"https:\/\/lokale-klimaanpassung.de\/en\/\" \/>\n<meta property=\"og:site_name\" content=\"Lokale Klimaanpassung\" \/>\n<meta property=\"article:modified_time\" content=\"2025-06-15T15:58:20+00:00\" \/>\n<meta property=\"og:image\" content=\"https:\/\/lokale-klimaanpassung.de\/wp-content\/uploads\/2020\/07\/Karte_BW_LoKlim_2_white_bigtype-914x1024.png\" \/>\n<meta name=\"twitter:card\" content=\"summary_large_image\" \/>\n<meta name=\"twitter:site\" content=\"@loklimfreiburg\" \/>\n<meta name=\"twitter:label1\" content=\"Est. reading time\" \/>\n\t<meta name=\"twitter:data1\" content=\"2 minutes\" \/>\n<script type=\"application\/ld+json\" class=\"yoast-schema-graph\">{\"@context\":\"https:\\\/\\\/schema.org\",\"@graph\":[{\"@type\":\"WebPage\",\"@id\":\"https:\\\/\\\/lokale-klimaanpassung.de\\\/en\\\/\",\"url\":\"https:\\\/\\\/lokale-klimaanpassung.de\\\/en\\\/\",\"name\":\"Forschungsprojekt zur lokalen Klimaanpassung\",\"isPartOf\":{\"@id\":\"https:\\\/\\\/lokale-klimaanpassung.de\\\/#website\"},\"primaryImageOfPage\":{\"@id\":\"https:\\\/\\\/lokale-klimaanpassung.de\\\/en\\\/#primaryimage\"},\"image\":{\"@id\":\"https:\\\/\\\/lokale-klimaanpassung.de\\\/en\\\/#primaryimage\"},\"thumbnailUrl\":\"https:\\\/\\\/lokale-klimaanpassung.de\\\/wp-content\\\/uploads\\\/2020\\\/07\\\/Karte_BW_LoKlim_2_white_bigtype-914x1024.png\",\"datePublished\":\"2020-07-06T07:17:12+00:00\",\"dateModified\":\"2025-06-15T15:58:20+00:00\",\"description\":\"Die Universit\u00e4t Freiburg entwickelt mit lokalen Netzwerkpartnern Strategien zur Klimawandelanpassung auch f\u00fcr kleine Kommunen in Baden-W\u00fcrttemberg.\",\"breadcrumb\":{\"@id\":\"https:\\\/\\\/lokale-klimaanpassung.de\\\/en\\\/#breadcrumb\"},\"inLanguage\":\"en-US\",\"potentialAction\":[{\"@type\":\"ReadAction\",\"target\":[\"https:\\\/\\\/lokale-klimaanpassung.de\\\/en\\\/\"]}]},{\"@type\":\"ImageObject\",\"inLanguage\":\"en-US\",\"@id\":\"https:\\\/\\\/lokale-klimaanpassung.de\\\/en\\\/#primaryimage\",\"url\":\"https:\\\/\\\/lokale-klimaanpassung.de\\\/wp-content\\\/uploads\\\/2020\\\/07\\\/Karte_BW_LoKlim_2_white_bigtype-914x1024.png\",\"contentUrl\":\"https:\\\/\\\/lokale-klimaanpassung.de\\\/wp-content\\\/uploads\\\/2020\\\/07\\\/Karte_BW_LoKlim_2_white_bigtype-914x1024.png\"},{\"@type\":\"BreadcrumbList\",\"@id\":\"https:\\\/\\\/lokale-klimaanpassung.de\\\/en\\\/#breadcrumb\",\"itemListElement\":[{\"@type\":\"ListItem\",\"position\":1,\"name\":\"Start\",\"item\":\"https:\\\/\\\/lokale-klimaanpassung.de\\\/en\\\/\"},{\"@type\":\"ListItem\",\"position\":2,\"name\":\"The research project LoKlim\"}]},{\"@type\":\"WebSite\",\"@id\":\"https:\\\/\\\/lokale-klimaanpassung.de\\\/#website\",\"url\":\"https:\\\/\\\/lokale-klimaanpassung.de\\\/\",\"name\":\"Lokale Klimaanpassung\",\"description\":\"Lokale Klimaintiativen Baden-W\u00fcrttemberg\",\"publisher\":{\"@id\":\"https:\\\/\\\/lokale-klimaanpassung.de\\\/#organization\"},\"potentialAction\":[{\"@type\":\"SearchAction\",\"target\":{\"@type\":\"EntryPoint\",\"urlTemplate\":\"https:\\\/\\\/lokale-klimaanpassung.de\\\/?s={search_term_string}\"},\"query-input\":{\"@type\":\"PropertyValueSpecification\",\"valueRequired\":true,\"valueName\":\"search_term_string\"}}],\"inLanguage\":\"en-US\"},{\"@type\":\"Organization\",\"@id\":\"https:\\\/\\\/lokale-klimaanpassung.de\\\/#organization\",\"name\":\"Lokale Klimaanpassung\",\"url\":\"https:\\\/\\\/lokale-klimaanpassung.de\\\/\",\"logo\":{\"@type\":\"ImageObject\",\"inLanguage\":\"en-US\",\"@id\":\"https:\\\/\\\/lokale-klimaanpassung.de\\\/#\\\/schema\\\/logo\\\/image\\\/\",\"url\":\"https:\\\/\\\/lokale-klimaanpassung.de\\\/wp-content\\\/uploads\\\/2021\\\/10\\\/LoKlim_Signet_vertikal_en.svg\",\"contentUrl\":\"https:\\\/\\\/lokale-klimaanpassung.de\\\/wp-content\\\/uploads\\\/2021\\\/10\\\/LoKlim_Signet_vertikal_en.svg\",\"width\":184,\"height\":145,\"caption\":\"Lokale Klimaanpassung\"},\"image\":{\"@id\":\"https:\\\/\\\/lokale-klimaanpassung.de\\\/#\\\/schema\\\/logo\\\/image\\\/\"},\"sameAs\":[\"https:\\\/\\\/x.com\\\/loklimfreiburg\"]}]}<\/script>\n<!-- \/ Yoast SEO plugin. -->","yoast_head_json":{"title":"Forschungsprojekt zur lokalen Klimaanpassung","description":"Die Universit\u00e4t Freiburg entwickelt mit lokalen Netzwerkpartnern Strategien zur Klimawandelanpassung auch f\u00fcr kleine Kommunen in Baden-W\u00fcrttemberg.","robots":{"index":"index","follow":"follow","max-snippet":"max-snippet:-1","max-image-preview":"max-image-preview:large","max-video-preview":"max-video-preview:-1"},"canonical":"https:\/\/lokale-klimaanpassung.de\/en\/","og_locale":"en_US","og_type":"article","og_title":"Forschungsprojekt zur lokalen Klimaanpassung","og_description":"Die Universit\u00e4t Freiburg entwickelt mit lokalen Netzwerkpartnern Strategien zur Klimawandelanpassung auch f\u00fcr kleine Kommunen in Baden-W\u00fcrttemberg.","og_url":"https:\/\/lokale-klimaanpassung.de\/en\/","og_site_name":"Lokale Klimaanpassung","article_modified_time":"2025-06-15T15:58:20+00:00","og_image":[{"url":"https:\/\/lokale-klimaanpassung.de\/wp-content\/uploads\/2020\/07\/Karte_BW_LoKlim_2_white_bigtype-914x1024.png","type":"","width":"","height":""}],"twitter_card":"summary_large_image","twitter_site":"@loklimfreiburg","twitter_misc":{"Est. reading time":"2 minutes"},"schema":{"@context":"https:\/\/schema.org","@graph":[{"@type":"WebPage","@id":"https:\/\/lokale-klimaanpassung.de\/en\/","url":"https:\/\/lokale-klimaanpassung.de\/en\/","name":"Forschungsprojekt zur lokalen Klimaanpassung","isPartOf":{"@id":"https:\/\/lokale-klimaanpassung.de\/#website"},"primaryImageOfPage":{"@id":"https:\/\/lokale-klimaanpassung.de\/en\/#primaryimage"},"image":{"@id":"https:\/\/lokale-klimaanpassung.de\/en\/#primaryimage"},"thumbnailUrl":"https:\/\/lokale-klimaanpassung.de\/wp-content\/uploads\/2020\/07\/Karte_BW_LoKlim_2_white_bigtype-914x1024.png","datePublished":"2020-07-06T07:17:12+00:00","dateModified":"2025-06-15T15:58:20+00:00","description":"Die Universit\u00e4t Freiburg entwickelt mit lokalen Netzwerkpartnern Strategien zur Klimawandelanpassung auch f\u00fcr kleine Kommunen in Baden-W\u00fcrttemberg.","breadcrumb":{"@id":"https:\/\/lokale-klimaanpassung.de\/en\/#breadcrumb"},"inLanguage":"en-US","potentialAction":[{"@type":"ReadAction","target":["https:\/\/lokale-klimaanpassung.de\/en\/"]}]},{"@type":"ImageObject","inLanguage":"en-US","@id":"https:\/\/lokale-klimaanpassung.de\/en\/#primaryimage","url":"https:\/\/lokale-klimaanpassung.de\/wp-content\/uploads\/2020\/07\/Karte_BW_LoKlim_2_white_bigtype-914x1024.png","contentUrl":"https:\/\/lokale-klimaanpassung.de\/wp-content\/uploads\/2020\/07\/Karte_BW_LoKlim_2_white_bigtype-914x1024.png"},{"@type":"BreadcrumbList","@id":"https:\/\/lokale-klimaanpassung.de\/en\/#breadcrumb","itemListElement":[{"@type":"ListItem","position":1,"name":"Start","item":"https:\/\/lokale-klimaanpassung.de\/en\/"},{"@type":"ListItem","position":2,"name":"The research project LoKlim"}]},{"@type":"WebSite","@id":"https:\/\/lokale-klimaanpassung.de\/#website","url":"https:\/\/lokale-klimaanpassung.de\/","name":"Lokale Klimaanpassung","description":"Lokale Klimaintiativen Baden-W\u00fcrttemberg","publisher":{"@id":"https:\/\/lokale-klimaanpassung.de\/#organization"},"potentialAction":[{"@type":"SearchAction","target":{"@type":"EntryPoint","urlTemplate":"https:\/\/lokale-klimaanpassung.de\/?s={search_term_string}"},"query-input":{"@type":"PropertyValueSpecification","valueRequired":true,"valueName":"search_term_string"}}],"inLanguage":"en-US"},{"@type":"Organization","@id":"https:\/\/lokale-klimaanpassung.de\/#organization","name":"Lokale Klimaanpassung","url":"https:\/\/lokale-klimaanpassung.de\/","logo":{"@type":"ImageObject","inLanguage":"en-US","@id":"https:\/\/lokale-klimaanpassung.de\/#\/schema\/logo\/image\/","url":"https:\/\/lokale-klimaanpassung.de\/wp-content\/uploads\/2021\/10\/LoKlim_Signet_vertikal_en.svg","contentUrl":"https:\/\/lokale-klimaanpassung.de\/wp-content\/uploads\/2021\/10\/LoKlim_Signet_vertikal_en.svg","width":184,"height":145,"caption":"Lokale Klimaanpassung"},"image":{"@id":"https:\/\/lokale-klimaanpassung.de\/#\/schema\/logo\/image\/"},"sameAs":["https:\/\/x.com\/loklimfreiburg"]}]}},"hisi_hide_singular":"","_links":{"self":[{"href":"https:\/\/lokale-klimaanpassung.de\/en\/wp-json\/wp\/v2\/pages\/6071","targetHints":{"allow":["GET"]}}],"collection":[{"href":"https:\/\/lokale-klimaanpassung.de\/en\/wp-json\/wp\/v2\/pages"}],"about":[{"href":"https:\/\/lokale-klimaanpassung.de\/en\/wp-json\/wp\/v2\/types\/page"}],"author":[{"embeddable":true,"href":"https:\/\/lokale-klimaanpassung.de\/en\/wp-json\/wp\/v2\/users\/1"}],"replies":[{"embeddable":true,"href":"https:\/\/lokale-klimaanpassung.de\/en\/wp-json\/wp\/v2\/comments?post=6071"}],"version-history":[{"count":34,"href":"https:\/\/lokale-klimaanpassung.de\/en\/wp-json\/wp\/v2\/pages\/6071\/revisions"}],"predecessor-version":[{"id":9791,"href":"https:\/\/lokale-klimaanpassung.de\/en\/wp-json\/wp\/v2\/pages\/6071\/revisions\/9791"}],"wp:attachment":[{"href":"https:\/\/lokale-klimaanpassung.de\/en\/wp-json\/wp\/v2\/media?parent=6071"}],"curies":[{"name":"wp","href":"https:\/\/api.w.org\/{rel}","templated":true}]}}